{"id":14,"date":"2015-12-10T10:06:08","date_gmt":"2015-12-10T10:06:08","guid":{"rendered":"http:\/\/mudrdudova.cz\/?page_id=14"},"modified":"2016-01-25T06:53:40","modified_gmt":"2016-01-25T06:53:40","slug":"o-nas","status":"publish","type":"page","link":"https:\/\/mudrdudova.cz\/?page_id=14","title":{"rendered":"O n\u00e1s"},"content":{"rendered":"<p class=\"western\"><strong>Barbora Dudov\u00e1<\/strong><\/p>\n<p class=\"western\"><a href=\"http:\/\/mudrdudova.cz\/wp-content\/uploads\/2016\/01\/bara_edit1.jpg\" rel=\"attachment wp-att-59\"><img loading=\"lazy\" decoding=\"async\" class=\"alignnone size-full wp-image-59\" src=\"http:\/\/mudrdudova.cz\/wp-content\/uploads\/2016\/01\/bara_edit1.jpg\" alt=\"bara_edit1\" width=\"203\" height=\"226\" \/><\/a><\/p>\n<p class=\"western\">V\u00a0roce 2000 jsem absolvovala na 2. L\u00e9ka\u0159sk\u00e9 fakult\u011b Univerzity Karlovy. N\u00e1sledn\u011b jsem nastoupila na Kliniku d\u011btsk\u00e9 onkologie FNM, kde jsem pracovala 4,5 roku.<\/p>\n<p class=\"western\">V\u00a0roce 2003 jsem slo\u017eila atestaci z\u00a0d\u011btsk\u00e9ho l\u00e9ka\u0159stv\u00ed 1. stupn\u011b.<\/p>\n<p class=\"western\"><a name=\"_GoBack\"><\/a> V\u00a0pr\u016fb\u011bhu mate\u0159sk\u00e9 dovolen\u00e9 jsem pracovala jako asistentka v\u00a0ordinaci praktick\u00e9ho l\u00e9ka\u0159e na Praze 4 (2008-2010) a v\u00a0roce 2010 nastoupila jako sekund\u00e1rn\u00ed l\u00e9ka\u0159ka na d\u011btsk\u00e9 odd\u011blen\u00ed Nemocnice Ho\u0159ovice, kde jsem p\u016fsobila do p\u0159evzet\u00ed ordinace MUDr. Zuzany Petr\u00e1nkov\u00e9. V\u00a0Nemocnici Ho\u0159ovice jsem vedla ordinaci praktick\u00e9ho l\u00e9ka\u0159e pro d\u011bti a dorost a d\u011btskou gastroenterologickou poradnu, pod\u00edlela jsem se na chodu d\u011btsk\u00e9ho odd\u011blen\u00ed, v\u010detn\u011b pohotovostn\u00edch slu\u017eeb, kter\u00e9 n\u011bkolikr\u00e1t v m\u011bs\u00edci slou\u017e\u00edm dosud.<\/p>\n<p class=\"western\">V\u00a0roce 2010 jsem slo\u017eila atestaci z\u00a0praktick\u00e9ho l\u00e9ka\u0159stv\u00ed pro d\u011bti a dorost a v\u00a0roce 2012 pak atestaci z\u00a0d\u011btsk\u00e9ho l\u00e9ka\u0159stv\u00ed (d\u0159\u00edve II. stupn\u011b).<\/p>\n<p class=\"western\">P\u016fsoben\u00edm na d\u011btsk\u00e9m odd\u011blen\u00ed Nemocnice Ho\u0159ovice jsem z\u00edskala zku\u0161enost v p\u00e9\u010di o alergologick\u00e9 a pneumologick\u00e9 pacienty, spoluprac\u00ed s\u00a0neonatologick\u00fdm odd\u011blen\u00edm pak zku\u0161enost s\u00a0n\u00e1slednou p\u00e9\u010d\u00ed o pacienty st\u0159edn\u011b a\u017e t\u011b\u017ece nezral\u00e9 a pacienty po chirurgick\u00fdch v\u00fdkonech v\u00a0\u010dasn\u00e9m novorozeneck\u00e9m v\u011bku.<\/p>\n<p class=\"western\">Jsem vdan\u00e1 a m\u00e1m dv\u011b d\u011bti ro\u010dn\u00edk 2004 a 2007.<\/p>\n<p class=\"western\"><strong>Sestra Ivana Z\u00edmov\u00e1<\/strong><\/p>\n<p class=\"western\"><a href=\"http:\/\/mudrdudova.cz\/wp-content\/uploads\/2016\/01\/iva_edit1.jpg\" rel=\"attachment wp-att-60\"><img loading=\"lazy\" decoding=\"async\" class=\"alignnone size-full wp-image-60\" src=\"http:\/\/mudrdudova.cz\/wp-content\/uploads\/2016\/01\/iva_edit1.jpg\" alt=\"iva_edit1\" width=\"209\" height=\"261\" \/><\/a><\/p>\n<p class=\"western\">V roce 1985 ukon\u010dila studium oboru d\u011btsk\u00e1 sestra na st\u0159edn\u00ed zdravotn\u00ed \u0161kole V Kladn\u011b. N\u00e1sledn\u011b nastoupila na d\u011btsk\u00e9 odd\u011blen\u00ed V Beroun\u011b. Po n\u00e1vratu z mate\u0159sk\u00e9 dovolen\u00e9 nastoupila na d\u011btsk\u00e9 l\u016f\u017ekov\u00e9 odd\u011blen\u00ed v Nemocnici Ho\u0159ovice. Od roku 2010 za\u010dala pracovat v ambulanci praktick\u00e9ho l\u00e9ka\u0159e pro d\u011bti a dorost.<\/p>\n<p class=\"western\">Je vdan\u00e1 a m\u00e1 dv\u011b dosp\u011bl\u00e9 dcery .<\/p>\n","protected":false},"excerpt":{"rendered":"<p>Barbora Dudov\u00e1 V\u00a0roce 2000 jsem absolvovala na 2. L\u00e9ka\u0159sk\u00e9 fakult\u011b Univerzity Karlovy. N\u00e1sledn\u011b jsem nastoupila na Kliniku d\u011btsk\u00e9 onkologie FNM, kde jsem pracovala 4,5 roku. V\u00a0roce 2003 jsem slo\u017eila atestaci z\u00a0d\u011btsk\u00e9ho l\u00e9ka\u0159stv\u00ed 1. stupn\u011b. V\u00a0pr\u016fb\u011bhu mate\u0159sk\u00e9 dovolen\u00e9 jsem pracovala jako asistentka v\u00a0ordinaci praktick\u00e9ho l\u00e9ka\u0159e na Praze 4 (2008-2010) a v\u00a0roce 2010 nastoupila jako sekund\u00e1rn\u00ed l\u00e9ka\u0159ka [&hellip;]<\/p>\n","protected":false},"author":1,"featured_media":0,"parent":2,"menu_order":0,"comment_status":"closed","ping_status":"closed","template":"page-cs.php","meta":{"footnotes":""},"class_list":["post-14","page","type-page","status-publish","hentry"],"_links":{"self":[{"href":"https:\/\/mudrdudova.cz\/index.php?rest_route=\/wp\/v2\/pages\/14","targetHints":{"allow":["GET"]}}],"collection":[{"href":"https:\/\/mudrdudova.cz\/index.php?rest_route=\/wp\/v2\/pages"}],"about":[{"href":"https:\/\/mudrdudova.cz\/index.php?rest_route=\/wp\/v2\/types\/page"}],"author":[{"embeddable":true,"href":"https:\/\/mudrdudova.cz\/index.php?rest_route=\/wp\/v2\/users\/1"}],"replies":[{"embeddable":true,"href":"https:\/\/mudrdudova.cz\/index.php?rest_route=%2Fwp%2Fv2%2Fcomments&post=14"}],"version-history":[{"count":8,"href":"https:\/\/mudrdudova.cz\/index.php?rest_route=\/wp\/v2\/pages\/14\/revisions"}],"predecessor-version":[{"id":64,"href":"https:\/\/mudrdudova.cz\/index.php?rest_route=\/wp\/v2\/pages\/14\/revisions\/64"}],"up":[{"embeddable":true,"href":"https:\/\/mudrdudova.cz\/index.php?rest_route=\/wp\/v2\/pages\/2"}],"wp:attachment":[{"href":"https:\/\/mudrdudova.cz\/index.php?rest_route=%2Fwp%2Fv2%2Fmedia&parent=14"}],"curies":[{"name":"wp","href":"https:\/\/api.w.org\/{rel}","templated":true}]}}